{"id":1657,"date":"2021-04-07T18:50:33","date_gmt":"2021-04-07T18:50:33","guid":{"rendered":"https:\/\/atmendesyoga.de\/?page_id=1657"},"modified":"2023-03-31T08:37:26","modified_gmt":"2023-03-31T08:37:26","slug":"was-ist-yoga","status":"publish","type":"page","link":"https:\/\/atmendesyoga.de\/?page_id=1657","title":{"rendered":"Was ist Yoga"},"content":{"rendered":"<div id=\"pl-gb1657-69f4a60fdd576\"  class=\"panel-layout\" ><div id=\"pg-gb1657-69f4a60fdd576-0\"  class=\"panel-grid panel-has-style\" ><div class=\"panel-row-style panel-row-style-for-gb1657-69f4a60fdd576-0\" ><div id=\"pgc-gb1657-69f4a60fdd576-0-0\"  class=\"panel-grid-cell panel-grid-cell-empty\" ><\/div><\/div><\/div><div id=\"pg-gb1657-69f4a60fdd576-1\"  class=\"panel-grid panel-no-style\" ><div id=\"pgc-gb1657-69f4a60fdd576-1-0\"  class=\"panel-grid-cell\" ><div id=\"panel-gb1657-69f4a60fdd576-1-0-0\" class=\"so-panel widget widget_text panel-first-child panel-last-child\" data-index=\"0\" ><h3 class=\"widget-title\">Die Kunst der Verbundenheit<\/h3>\t\t\t<div class=\"textwidget\"><p align=\"justify\"><span style=\"font-family: Verdana, sans-serif;\"><span style=\"font-size: medium;\"><span style=\"color: #000000;\"><br \/>\nYoga als eine jahrtausende alte Tradition forscht nach dem <\/span><span style=\"color: #000000;\">i<\/span><span style=\"color: #000000;\">nnersten Kern <\/span><span style=\"color: #000000;\">unseres Wesens<\/span><span style=\"color: #000000;\">. Alle \u00dcbungen des Yoga suchen die Antwort auf die Frage: \u201eWer bin ich?\u201c <\/span><span style=\"color: #000000;\">Die Wurzel des <\/span><span style=\"color: #000000;\"><span lang=\"de-DE\">Wort<\/span><\/span><span style=\"color: #000000;\"><span lang=\"de-DE\">es\u00a0<\/span><\/span><span style=\"color: #000000;\"><span lang=\"de-DE\">\u201eYoga\u201c <\/span><\/span><span style=\"color: #000000;\"><span lang=\"de-DE\">ist \u201eyuj\u201c und <\/span><\/span><span style=\"color: #000000;\"><span lang=\"de-DE\">bedeutet <\/span><\/span><span style=\"color: #000000;\"><span lang=\"de-DE\">verbinden<\/span><\/span><span style=\"color: #000000;\"><span lang=\"de-DE\">.\u00a0<\/span><\/span><span style=\"color: #000000;\"><span lang=\"de-DE\">Es geht um d<\/span><\/span><span style=\"color: #000000;\"><span lang=\"de-DE\">ie Verbindung mit sich selbst, mit den Menschen, <\/span><\/span><span style=\"color: #000000;\"><span lang=\"de-DE\">mit der Natur, <\/span><\/span><span style=\"color: #000000;\"><span lang=\"de-DE\">mit\u00a0<\/span><\/span><span style=\"color: #000000;\"><span lang=\"de-DE\">de<\/span><\/span><span style=\"color: #000000;\"><span lang=\"de-DE\">r\u00a0<\/span><\/span><span style=\"color: #000000;\"><span lang=\"de-DE\">ganzen <\/span><\/span><span style=\"color: #000000;\"><span lang=\"de-DE\">Wirklichkeit<\/span><\/span><span style=\"color: #000000;\"><span lang=\"de-DE\">.<\/span><\/span><\/span><\/span><\/p>\n<p align=\"justify\"><span style=\"font-family: Verdana, sans-serif;\"><span style=\"font-size: medium;\"><span style=\"color: #000000;\">Wir kennen alle die K\u00f6rper\u00fcbungen des Yoga, wir wissen, dass sie den K\u00f6rper flexibel und geschmeidig machen <\/span><span style=\"color: #000000;\">und die Haltung verbessern k\u00f6nn<\/span><span style=\"color: #000000;\">en<\/span><span style=\"color: #000000;\">. <\/span><span style=\"color: #000000;\">W<\/span><span style=\"color: #000000;\">ir wissen, dass Yoga insgesamt einen positiven Effekt auf unsere Gesundheit hat, <\/span><span style=\"color: #000000;\">dass es gegen Stress hilft, <\/span><span style=\"color: #000000;\">dass es entspann<\/span><span style=\"color: #000000;\">t\u00a0<\/span><span style=\"color: #000000;\">und ausgleichend <\/span><span style=\"color: #000000;\">wirkt\u00a0<\/span><span style=\"color: #000000;\">auf Geist und Gem\u00fct.<\/span><\/span><\/span><\/p>\n<p align=\"justify\"><span style=\"font-family: Verdana, sans-serif;\"><span style=\"font-size: medium;\"><span style=\"color: #000000;\">Doch\u00a0<\/span><span style=\"color: #000000;\">es ging <\/span><span style=\"color: #000000;\">den Menschen <\/span><span style=\"color: #000000;\">um weitaus mehr<\/span><span style=\"color: #000000;\">, als sie sich vor \u00fcber 3000 Jahren den Methoden und Praktiken gewidmet haben, die sp\u00e4ter weiter entwickelt wurden und <\/span><span style=\"color: #000000;\">heute noch <\/span><span style=\"color: #000000;\">als Yoga bekannt sind.<\/span><\/span><\/span><\/p>\n<p align=\"justify\"><span style=\"font-family: Verdana, sans-serif;\"><span style=\"font-size: medium;\"><span style=\"color: #000000;\"><span lang=\"de-DE\">Keinen Augenblick unseres Lebens existieren wir unabh\u00e4ngig und isoliert von der vibrierenden F\u00fclle des Seins, dessen Teil wir sind. Yoga fragt danach, w<\/span><\/span><span style=\"color: #000000;\"><span lang=\"de-DE\">ie\u00a0<\/span><\/span><span style=\"color: #000000;\"><span lang=\"de-DE\">wir in Beziehung <\/span><\/span><span style=\"color: #000000;\"><span lang=\"de-DE\">sind\u00a0<\/span><\/span><span style=\"color: #000000;\"><span lang=\"de-DE\">mit dem, was uns umgibt. Wie sind <\/span><\/span><span style=\"color: #000000;\"><span lang=\"de-DE\">die Wechselwirkungen, in denen wir leben? <\/span><\/span><span style=\"color: #000000;\"><span lang=\"de-DE\">U<\/span><\/span><span style=\"color: #000000;\"><span lang=\"de-DE\">nd wie sehr sind wir <\/span><\/span><span style=\"color: #000000;\"><span lang=\"de-DE\">uns\u00a0<\/span><\/span><span style=\"color: #000000;\"><span lang=\"de-DE\">d<\/span><\/span><span style=\"color: #000000;\"><span lang=\"de-DE\">ieser Verbindungen\u00a0<\/span><\/span><span style=\"color: #000000;\"><span lang=\"de-DE\">gewahr?<\/span><\/span><\/span><\/span><\/p>\n<p align=\"justify\"><span style=\"font-family: Verdana, sans-serif;\"><span style=\"font-size: medium;\"><span style=\"color: #000000;\"><span lang=\"de-DE\">Yoga\u00a0<\/span><\/span><span style=\"color: #000000;\"><span lang=\"de-DE\">fragt\u00a0<\/span><\/span><span style=\"color: #000000;\"><span lang=\"de-DE\">weiter\u00a0<\/span><\/span><span style=\"color: #000000;\"><span lang=\"de-DE\">nach dem,\u00a0<\/span><\/span><span style=\"color: #000000;\"><span lang=\"de-DE\">w<\/span><\/span><span style=\"color: #000000;\"><span lang=\"de-DE\">as\u00a0<\/span><\/span><span style=\"color: #000000;\"><span lang=\"de-DE\">uns daran hindert, die<\/span><\/span><span style=\"color: #000000;\"><span lang=\"de-DE\">se\u00a0<\/span><\/span><span style=\"color: #000000;\"><span lang=\"de-DE\">Verbundenheit bewusst zu erleben.\u00a0<\/span><\/span><span style=\"color: #000000;\"><span lang=\"de-DE\">Was trennt uns von uns selbst und von den anderen?\u00a0<\/span><\/span><span style=\"color: #000000;\"><span lang=\"de-DE\">Wieviel von dem Gesamtgeschehen, innerhalb dessen wir leben, <\/span><\/span><span style=\"color: #000000;\"><span lang=\"de-DE\">k\u00f6nnen wir <\/span><\/span><span style=\"color: #000000;\"><span lang=\"de-DE\">direkt erfahren?\u00a0<\/span><\/span><span style=\"color: #000000;\"><span lang=\"de-DE\">Wie k\u00f6nnen wir das <\/span><\/span><span style=\"color: #000000;\"><span lang=\"de-DE\">Eingebunden-Sein in ein gr\u00f6\u00dferes Netzwerk <\/span><\/span><span style=\"color: #000000;\"><span lang=\"de-DE\">bewusster\u00a0<\/span><\/span><span style=\"color: #000000;\"><span lang=\"de-DE\">er<\/span><\/span><span style=\"color: #000000;\"><span lang=\"de-DE\">leben<\/span><\/span><span style=\"color: #000000;\"><span lang=\"de-DE\">?\u00a0<\/span><\/span><span style=\"color: #000000;\"><span lang=\"de-DE\">Und w<\/span><\/span><span style=\"color: #000000;\"><span lang=\"de-DE\">ie gelingt es, <\/span><\/span><span style=\"color: #000000;\"><span lang=\"de-DE\">nicht in Sorge, Widerstand und Abgrenzung zu leben, sondern unser Herz zu \u00f6ffnen und im Einklang zu leben<\/span><\/span><span style=\"color: #000000;\"><span lang=\"de-DE\">?<\/span><\/span><\/span><\/span><\/p>\n<p align=\"justify\"><span style=\"font-family: Verdana, sans-serif;\"><span style=\"font-size: medium;\"><span style=\"color: #000000;\"><span lang=\"de-DE\">Das Yoga-S\u016btra von Pata\u00f1jali ist die \u00e4lteste, uns \u00fcberlieferte systematische Abhandlung \u00fcber Yoga und dessen Methoden<\/span><\/span><span style=\"color: #000000;\"><span lang=\"de-DE\">. Es entstand vor ungef\u00e4hr 2000 Jahren. Mit dem Yoga S\u016btra fasste Pata\u00f1jali die Erkenntnisse \u00fcber die reine Erfahrung der Wirklichkeit zu einem einheitlichen Lehrsystem des klassischen Yoga. Pata\u00f1jali beschreibt wie wir dazu reifen k\u00f6nnen, eine direkte Einsicht zu bekommen in die Wahrheit des Seins mit ihrer ganzen Sch\u00f6nheit und F\u00fclle. Er analysiert die Situation wie unser Geist gew\u00f6hnlich arbeitet und welche Dynamik unsere Sicht auf die Welt und damit unser Verhalten im Alltag bestimmt. Er beschreibt, was uns an einer klaren, umfassenden Wahrnehmung der Wirklichkeit hindert. Er zeigt auf, dass eine enge Perspektive Leid verursacht. Schlie\u00dflich nennt er Mittel und Wege, die es erlauben, sich von leidvollen Verstrickungen zu l\u00f6sen. Mit dieser Freiheit wird nach und nach eine unbefangene, offenherzige Verbundenheit mit der Realit\u00e4t m\u00f6glich. Durch die Klarheit einer flie\u00dfenden Gegenw\u00e4rtigkeit zeigt sich in der Tiefe die F\u00fclle des Seins und unser wahres Selbst. <\/span><\/span><\/span><\/span><\/p>\n<p align=\"justify\"><span style=\"font-family: Verdana, sans-serif;\"><span style=\"font-size: medium;\"><span style=\"color: #000000;\"><span lang=\"de-DE\">Pata\u00f1jali definiert Yoga gleich zu Beginn als <\/span><\/span><span style=\"color: #000000;\"><span lang=\"de-DE\">das \u201eStill-Werden\u00a0<\/span><\/span><span style=\"color: #000000;\"><span lang=\"de-DE\">der <\/span><\/span><span style=\"color: #000000;\"><span lang=\"de-DE\">geistig-seelischen\u00a0<\/span><\/span><span style=\"color: #000000;\"><span lang=\"de-DE\">Bewegtheit\u201c. Was <\/span><\/span><span style=\"color: #000000;\"><span lang=\"de-DE\">bedeute<\/span><\/span><span style=\"color: #000000;\"><span lang=\"de-DE\">t das<\/span><\/span><span style=\"color: #000000;\"><span lang=\"de-DE\">? <\/span><\/span><\/span><\/span><span style=\"font-family: Verdana, sans-serif;\"><span style=\"font-size: medium;\"><span style=\"color: #000000;\"><span lang=\"de-DE\">Wird die geistig-seelische Bewegtheit still, <\/span><\/span><span style=\"color: #000000;\"><span lang=\"de-DE\">bekommen wir etwas Abstand zu unseren ganz individuellen Sorgen und Ansichten. Wir sind nicht mehr so verstrickt mit unserem Ego. Es \u00f6ffnet sich eine Sichtweise in uns<\/span><\/span><span style=\"color: #000000;\"><span lang=\"de-DE\">,\u00a0<\/span><\/span><span style=\"color: #000000;\"><span lang=\"de-DE\">bei der\u00a0<\/span><\/span><span style=\"color: #000000;\"><span lang=\"de-DE\">wir\u00a0<\/span><\/span><span style=\"color: #000000;\"><span lang=\"de-DE\">nicht allein mit dem Kopf <\/span><\/span><span style=\"color: #000000;\"><span lang=\"de-DE\">schauen<\/span><\/span><span style=\"color: #000000;\"><span lang=\"de-DE\">, sondern mit dem Herzen <\/span><\/span><span style=\"color: #000000;\"><span lang=\"de-DE\">sehen<\/span><\/span><span style=\"color: #000000;\"><span lang=\"de-DE\">.\u00a0<\/span><\/span><span style=\"color: #000000;\"><span lang=\"de-DE\">U<\/span><\/span><span style=\"color: #000000;\"><span lang=\"de-DE\">nsere Perspektive wird weit, unsere Einsicht wird klar. <\/span><\/span><span style=\"color: #000000;\"><span lang=\"de-DE\">Mit unserem \u201eGeist\u201c erfassen wir die Realit\u00e4t intellektuell. <\/span><\/span><span style=\"color: #000000;\"><span lang=\"de-DE\">Doch es gibt eine\u00a0<\/span><\/span><span style=\"color: #000000;\"><span lang=\"de-DE\">Ebene in uns, mit der wir zu einer umfassenderen Erkenntnis zu gelangen im Stande sind. <\/span><\/span><span style=\"color: #000000;\"><span lang=\"de-DE\">Man<\/span><\/span><span style=\"color: #000000;\"><span lang=\"de-DE\">chmal\u00a0<\/span><\/span><span style=\"color: #000000;\"><span lang=\"de-DE\">wird diese Ebene <\/span><\/span><span style=\"color: #000000;\"><span lang=\"de-DE\">als \u201eHerzGeist\u201c bezeichnet.\u00a0<\/span><\/span><span style=\"color: #000000;\"><span lang=\"de-DE\">\u201e<\/span><\/span><span style=\"color: #000000;\"><span lang=\"de-DE\">I<\/span><\/span><span style=\"color: #000000;\"><span lang=\"de-DE\">m Herzen wird der Geist wissend,\u201c <\/span><\/span><span style=\"color: #000000;\"><span lang=\"de-DE\">heisst es im <\/span><\/span><span style=\"color: #000000;\"><span lang=\"de-DE\">Yoga-S\u016btra.<\/span><\/span><\/span><\/span><\/p>\n<p align=\"justify\"><span style=\"font-family: Verdana, sans-serif;\"><span style=\"font-size: medium;\"><span style=\"color: #000000;\"><span lang=\"de-DE\">Wenn wir aufmerksam in unser\u00a0<\/span><\/span><span style=\"color: #000000;\"><span lang=\"de-DE\">Geis<\/span><\/span><span style=\"color: #000000;\"><span lang=\"de-DE\">t\u00a0<\/span><\/span><span style=\"color: #000000;\"><span lang=\"de-DE\">hineinschauen,\u00a0<\/span><\/span><span style=\"color: #000000;\"><span lang=\"de-DE\">bemerken wir, dass <\/span><\/span><span style=\"color: #000000;\"><span lang=\"de-DE\">unsere Aufmerksamkeit\u00a0<\/span><\/span><span style=\"color: #000000;\"><span lang=\"de-DE\">selten <\/span><\/span><span style=\"color: #000000;\"><span lang=\"de-DE\">kontinuierlich\u00a0<\/span><\/span><span style=\"color: #000000;\"><span lang=\"de-DE\">auf das gerichtet ist<\/span><\/span><span style=\"color: #000000;\"><span lang=\"de-DE\">, was gerade geschieht. <\/span><\/span><span style=\"color: #000000;\"><span lang=\"de-DE\">Wir springen von Eindruck zu Eindruck. O<\/span><\/span><span style=\"color: #000000;\"><span lang=\"de-DE\">ft\u00a0<\/span><\/span><span style=\"color: #000000;\"><span lang=\"de-DE\">sind wir gleichzeitig\u00a0<\/span><\/span><span style=\"color: #000000;\"><span lang=\"de-DE\">mit <\/span><\/span><span style=\"color: #000000;\"><span lang=\"de-DE\">verschiedenen\u00a0<\/span><\/span><span style=\"color: #000000;\"><span lang=\"de-DE\">Gedanken\u00a0<\/span><\/span><span style=\"color: #000000;\"><span lang=\"de-DE\">besch\u00e4ftigt<\/span><\/span><span style=\"color: #000000;\"><span lang=\"de-DE\">, w\u00e4hrend wir etwas Bestimmtes tun<\/span><\/span><span style=\"color: #000000;\"><span lang=\"de-DE\">.\u00a0<\/span><\/span><span style=\"color: #000000;\"><span lang=\"de-DE\">Dieser Umstand\u00a0<\/span><\/span><span style=\"color: #000000;\"><span lang=\"de-DE\">wird beschrieben als Subtext zu <\/span><\/span><span style=\"color: #000000;\"><span lang=\"de-DE\">ein<\/span><\/span><span style=\"color: #000000;\"><span lang=\"de-DE\">er Handlung, <\/span><\/span><span style=\"color: #000000;\"><span lang=\"de-DE\">oder\u00a0<\/span><\/span><span style=\"color: #000000;\"><span lang=\"de-DE\">man spricht von\u00a0<\/span><\/span><span style=\"color: #000000;\"><span lang=\"de-DE\">\u201eKopfkino\u201c<\/span><\/span><span style=\"color: #000000;\"><span lang=\"de-DE\">. Zuweilen wird diese Zerstreuung und Aufsplitterung <\/span><\/span><span style=\"color: #000000;\"><span lang=\"de-DE\">unserer Aufmerksamkeit\u00a0<\/span><\/span><span style=\"color: #000000;\"><span lang=\"de-DE\">als \u201e<\/span><\/span><span style=\"color: #000000;\"><span lang=\"de-DE\">M<\/span><\/span><span style=\"color: #000000;\"><span lang=\"de-DE\">ultitasking\u201c\u00a0<\/span><\/span><span style=\"color: #000000;\"><span lang=\"de-DE\">gelobt<\/span><\/span><span style=\"color: #000000;\"><span lang=\"de-DE\">.\u00a0<\/span><\/span><span style=\"color: #000000;\"><span lang=\"de-DE\">N<\/span><\/span><span style=\"color: #000000;\"><span lang=\"de-DE\">icht selten verlieren\u00a0<\/span><\/span><span style=\"color: #000000;\"><span lang=\"de-DE\">wir uns sogar g\u00e4nzlich an unsere Tagtr\u00e4ume. Wie <\/span><\/span><span style=\"color: #000000;\"><span lang=\"de-DE\">sollten\u00a0<\/span><\/span><span style=\"color: #000000;\"><span lang=\"de-DE\">wir\u00a0<\/span><\/span><span style=\"color: #000000;\"><span lang=\"de-DE\">unter solchen Voraussetzungen\u00a0<\/span><\/span><span style=\"color: #000000;\"><span lang=\"de-DE\">die volle <\/span><\/span><span style=\"color: #000000;\"><span lang=\"de-DE\">Weite und <\/span><\/span><span style=\"color: #000000;\"><span lang=\"de-DE\">T<\/span><\/span><span style=\"color: #000000;\"><span lang=\"de-DE\">iefe der Erfahrung, in der wir stehen, wahrnehmen?<\/span><\/span><\/span><\/span><\/p>\n<p align=\"justify\"><span style=\"font-family: Verdana, sans-serif;\"><span style=\"font-size: medium;\"><span style=\"color: #000000;\"><span lang=\"de-DE\">Wenn es uns <\/span><\/span><span style=\"color: #000000;\"><span lang=\"de-DE\">jedoch\u00a0<\/span><\/span><span style=\"color: #000000;\"><span lang=\"de-DE\">in einem Moment <\/span><\/span><span style=\"color: #000000;\"><span lang=\"de-DE\">vollkommene<\/span><\/span><span style=\"color: #000000;\"><span lang=\"de-DE\">n Gewahrseins\u00a0<\/span><\/span><span style=\"color: #000000;\"><span lang=\"de-DE\">gelingt,\u00a0<\/span><\/span><span style=\"color: #000000;\"><span lang=\"de-DE\">uns von d<\/span><\/span><span style=\"color: #000000;\"><span lang=\"de-DE\">e<\/span><\/span><span style=\"color: #000000;\"><span lang=\"de-DE\">m\u00a0<\/span><\/span><span style=\"color: #000000;\"><span lang=\"de-DE\">Reichtum des Erlebens <\/span><\/span><span style=\"color: #000000;\"><span lang=\"de-DE\">ber\u00fchren\u00a0<\/span><\/span><span style=\"color: #000000;\"><span lang=\"de-DE\">zu\u00a0<\/span><\/span><span style=\"color: #000000;\"><span lang=\"de-DE\">lassen, r\u00fchrt sich etwas in uns, <\/span><\/span><span style=\"color: #000000;\"><span lang=\"de-DE\">das\u00a0<\/span><\/span><span style=\"color: #000000;\"><span lang=\"de-DE\">vergleichbar\u00a0<\/span><\/span><span style=\"color: #000000;\"><span lang=\"de-DE\">ist\u00a0<\/span><\/span><span style=\"color: #000000;\"><span lang=\"de-DE\">mit dem Aufgehen der Sonne. <\/span><\/span><span style=\"color: #000000;\"><span lang=\"de-DE\">U<\/span><\/span><span style=\"color: #000000;\"><span lang=\"de-DE\">nd wi<\/span><\/span><span style=\"color: #000000;\"><span lang=\"de-DE\">r erleben <\/span><\/span><span style=\"color: #000000;\"><span lang=\"de-DE\">eine umfassende\u00a0<\/span><\/span><span style=\"color: #000000;\"><span lang=\"de-DE\">Freude. <\/span><\/span><span style=\"color: #000000;\"><span lang=\"de-DE\">Diese Freude ben\u00f6tigt\u00a0<\/span><\/span><span style=\"color: #000000;\"><span lang=\"de-DE\">keinen bedingten Anlass. Sie ist sich selbst. <\/span><\/span><span style=\"color: #000000;\"><span lang=\"de-DE\">Sie ist e<\/span><\/span><span style=\"color: #000000;\"><span lang=\"de-DE\">infach da. Sie bl\u00fcht <\/span><\/span><span style=\"color: #000000;\"><span lang=\"de-DE\">auf schon <\/span><\/span><span style=\"color: #000000;\"><span lang=\"de-DE\">allein<\/span><\/span><span style=\"color: #000000;\"><span lang=\"de-DE\">durch die <\/span><\/span><span style=\"color: #000000;\"><span lang=\"de-DE\">Tatsache der\u00a0<\/span><\/span><span style=\"color: #000000;\"><span lang=\"de-DE\">Verbundenheit, zu der wir uns ge\u00f6ffnet haben.<\/span><\/span><\/span><\/span><\/p>\n<p align=\"justify\"><span style=\"font-family: Verdana, sans-serif;\"><span style=\"font-size: medium;\"><span style=\"color: #000000;\"><span lang=\"de-DE\">Yoga gibt uns Mittel an die Hand, die uns helfen, <\/span><\/span><span style=\"color: #000000;\"><span lang=\"de-DE\">die Wirklichkeit des gegenw\u00e4rtigen Augenblick<\/span><\/span><span style=\"color: #000000;\"><span lang=\"de-DE\">s\u00a0<\/span><\/span><span style=\"color: #000000;\"><span lang=\"de-DE\">direkt\u00a0<\/span><\/span><span style=\"color: #000000;\"><span lang=\"de-DE\">und unverstellt <\/span><\/span><span style=\"color: #000000;\"><span lang=\"de-DE\">wahrzunehmen\u00a0<\/span><\/span><span style=\"color: #000000;\"><span lang=\"de-DE\">und\u00a0<\/span><\/span><span style=\"color: #000000;\"><span lang=\"de-DE\">zeigt uns Wege, wie wir <\/span><\/span><span style=\"color: #000000;\"><span lang=\"de-DE\">unseren Geist\u00a0<\/span><\/span><span style=\"color: #000000;\"><span lang=\"de-DE\">beruhigen k\u00f6nnen.\u00a0<\/span><\/span><span style=\"color: #000000;\"><span lang=\"de-DE\">Yoga unterst\u00fctzt uns auch im Alltag<\/span><\/span><span style=\"color: #000000;\"><span lang=\"de-DE\">, eine klare Sicht zu entwickeln <\/span><\/span><span style=\"color: #000000;\"><span lang=\"de-DE\">durch\u00a0<\/span><\/span><span style=\"color: #000000;\"><span lang=\"de-DE\">die Bewusstheit f\u00fcr unseren K\u00f6rper, <\/span><\/span><span style=\"color: #000000;\"><span lang=\"de-DE\">f\u00fcr\u00a0<\/span><\/span><span style=\"color: #000000;\"><span lang=\"de-DE\">unsere Atmung und <\/span><\/span><span style=\"color: #000000;\"><span lang=\"de-DE\">f\u00fcr\u00a0<\/span><\/span><span style=\"color: #000000;\"><span lang=\"de-DE\">die\u00a0<\/span><\/span><span style=\"color: #000000;\"><span lang=\"de-DE\">Bewegungen unseres Geistes\u00a0<\/span><\/span><span style=\"color: #000000;\"><span lang=\"de-DE\">und Emotionen<\/span><\/span><span style=\"color: #000000;\"><span lang=\"de-DE\">.\u00a0<\/span><\/span><span style=\"color: #000000;\"><span lang=\"de-DE\">Wenn wir die Mittel <\/span><\/span><span style=\"color: #000000;\"><span lang=\"de-DE\">des Yoga aufmerksam, <\/span><\/span><span style=\"color: #000000;\"><span lang=\"de-DE\">stetig und\u00a0<\/span><\/span><span style=\"color: #000000;\"><span lang=\"de-DE\">kontinuierlich in unser<\/span><\/span><span style=\"color: #000000;\"><span lang=\"de-DE\">en\u00a0<\/span><\/span><span style=\"color: #000000;\"><span lang=\"de-DE\">Alltag integrieren, <\/span><\/span><span style=\"color: #000000;\"><span lang=\"de-DE\">wir<\/span><\/span><span style=\"color: #000000;\"><span lang=\"de-DE\">d\u00a0<\/span><\/span><span style=\"color: #000000;\"><span lang=\"de-DE\">unsere Sicht <\/span><\/span><span style=\"color: #000000;\"><span lang=\"de-DE\">auf die Realit\u00e4t <\/span><\/span><span style=\"color: #000000;\"><span lang=\"de-DE\">klarer,\u00a0<\/span><\/span><span style=\"color: #000000;\"><span lang=\"de-DE\">umfassender<\/span><\/span><span style=\"color: #000000;\"><span lang=\"de-DE\">,\u00a0<\/span><\/span><span style=\"color: #000000;\"><span lang=\"de-DE\">unser Herz offener\u00a0<\/span><\/span><span style=\"color: #000000;\"><span lang=\"de-DE\">und wir\u00a0<\/span><\/span><span style=\"color: #000000;\"><span lang=\"de-DE\">verstehen <\/span><\/span><span style=\"color: #000000;\"><span lang=\"de-DE\">allm\u00e4hlich besser<\/span><\/span><span style=\"color: #000000;\"><span lang=\"de-DE\">, wer wir in einem gemeinsamen Ganzen sind.<\/span><\/span><\/span><\/span><\/p>\n<p align=\"justify\"><span style=\"font-family: Verdana, sans-serif;\"><span style=\"font-size: medium;\"><span style=\"color: #000000;\"><span lang=\"de-DE\">Yoga ist <\/span><\/span><span style=\"color: #000000;\"><span lang=\"de-DE\">A<\/span><\/span><span style=\"color: #000000;\"><span lang=\"de-DE\">nkommen im \u201eHerz des Seins\u201c. <\/span><\/span><span style=\"color: #000000;\"><span lang=\"de-DE\">Yoga\u00a0<\/span><\/span><span style=\"color: #000000;\"><span lang=\"de-DE\">bedeutet<\/span><\/span><span style=\"color: #000000;\"><span lang=\"de-DE\">,\u00a0<\/span><\/span><span style=\"color: #000000;\"><span lang=\"de-DE\">eine Verbindung her<\/span><\/span><span style=\"color: #000000;\"><span lang=\"de-DE\">zu<\/span><\/span><span style=\"color: #000000;\"><span lang=\"de-DE\">stellen zwischen dem, was geschieht und <\/span><\/span><span style=\"color: #000000;\"><span lang=\"de-DE\">unserer\u00a0<\/span><\/span><span style=\"color: #000000;\"><span lang=\"de-DE\">inneren Mitte. <\/span><\/span><span style=\"color: #000000;\"><span lang=\"de-DE\">Diese Mitte ist die\u00a0<\/span><\/span><span style=\"color: #000000;\"><span lang=\"de-DE\">Mitte von Allem. <\/span><\/span><span style=\"color: #000000;\"><span lang=\"de-DE\">Wir\u00a0<\/span><\/span><span style=\"color: #000000;\"><span lang=\"de-DE\">k\u00f6nnen unser\u00a0<\/span><\/span><span style=\"color: #000000;\"><span lang=\"de-DE\">Handeln aus der Verbindung mit dieser Mitte <\/span><\/span><span style=\"color: #000000;\"><span lang=\"de-DE\">heraus\u00a0<\/span><\/span><span style=\"color: #000000;\"><span lang=\"de-DE\">geschehen lassen.\u00a0<\/span><\/span><span style=\"color: #000000;\"><span lang=\"de-DE\">Dann wird u<\/span><\/span><span style=\"color: #000000;\"><span lang=\"de-DE\">nser Handeln\u00a0<\/span><\/span><span style=\"color: #000000;\"><span lang=\"de-DE\">aus\u00a0<\/span><\/span><span style=\"color: #000000;\"><span lang=\"de-DE\">eine<\/span><\/span><span style=\"color: #000000;\"><span lang=\"de-DE\">m\u00a0<\/span><\/span><span style=\"color: #000000;\"><span lang=\"de-DE\">gr\u00f6\u00dfe<\/span><\/span><span style=\"color: #000000;\"><span lang=\"de-DE\">ren\u00a0<\/span><\/span><span style=\"color: #000000;\"><span lang=\"de-DE\">Verstehen\u00a0<\/span><\/span><span style=\"color: #000000;\"><span lang=\"de-DE\">motiviert\u00a0<\/span><\/span><span style=\"color: #000000;\"><span lang=\"de-DE\">und\u00a0<\/span><\/span><span style=\"color: #000000;\"><span lang=\"de-DE\">bekommt eine <\/span><\/span><span style=\"color: #000000;\"><span lang=\"de-DE\">neue\u00a0<\/span><\/span><span style=\"color: #000000;\"><span lang=\"de-DE\">Qualit\u00e4t\u00a0<\/span><\/span><span style=\"color: #000000;\"><span lang=\"de-DE\">im Licht <\/span><\/span><span style=\"color: #000000;\"><span lang=\"de-DE\">der\u00a0<\/span><\/span><span style=\"color: #000000;\"><span lang=\"de-DE\">Sch\u00f6nheit, <\/span><\/span><span style=\"color: #000000;\"><span lang=\"de-DE\">die\u00a0<\/span><\/span><span style=\"color: #000000;\"><span lang=\"de-DE\">unserer gemeinsamen Existenz <\/span><\/span><span style=\"color: #000000;\"><span lang=\"de-DE\">zugrunde liegt<\/span><\/span><span style=\"color: #000000;\"><span lang=\"de-DE\">.\u00a0<\/span><\/span><span style=\"color: #000000;\"><span lang=\"de-DE\">Die Suche nach dem verlorenen Gl\u00fcck, das viele von uns kennen und tief in sich tragen, k<\/span><\/span><span style=\"color: #000000;\"><span lang=\"de-DE\">ann\u00a0<\/span><\/span><span style=\"color: #000000;\"><span lang=\"de-DE\">auf diese Weise einen Hafen finden.<\/span><\/span><\/span><\/span><\/p>\n<p align=\"justify\"><span style=\"font-family: Verdana, sans-serif;\"><span style=\"font-size: medium;\"><span style=\"color: #000000;\"><span lang=\"de-DE\">Yoga\u00a0<\/span><\/span><span style=\"color: #000000;\"><span lang=\"de-DE\">handelt vom <\/span><\/span><span style=\"color: #000000;\"><span lang=\"de-DE\">A<\/span><\/span><span style=\"color: #000000;\"><span lang=\"de-DE\">nkommen\u00a0<\/span><\/span><span style=\"color: #000000;\"><span lang=\"de-DE\">und de<\/span><\/span><span style=\"color: #000000;\"><span lang=\"de-DE\">m\u00a0<\/span><\/span><span style=\"color: #000000;\"><span lang=\"de-DE\">Weg zum Ankommen.<\/span><\/span><\/span><\/span><\/p>\n<\/div>\n\t\t<\/div><\/div><\/div><div id=\"pg-gb1657-69f4a60fdd576-2\"  class=\"panel-grid panel-no-style\" ><div id=\"pgc-gb1657-69f4a60fdd576-2-0\"  class=\"panel-grid-cell\" ><div id=\"panel-gb1657-69f4a60fdd576-2-0-0\" class=\"so-panel widget widget_text panel-first-child panel-last-child\" data-index=\"1\" >\t\t\t<div class=\"textwidget\"><p align=\"right\"><span style=\"font-family: Verdana, sans-serif;\"><span style=\"font-size: xx-small;\">Foto: Paco Yoncaova<\/span><\/span><\/p>\n<\/div>\n\t\t<\/div><\/div><\/div><div id=\"pg-gb1657-69f4a60fdd576-3\"  class=\"panel-grid panel-no-style\" ><div id=\"pgc-gb1657-69f4a60fdd576-3-0\"  class=\"panel-grid-cell panel-grid-cell-empty\" ><\/div><div id=\"pgc-gb1657-69f4a60fdd576-3-1\"  class=\"panel-grid-cell panel-grid-cell-mobile-last\" ><div id=\"panel-gb1657-69f4a60fdd576-3-1-0\" class=\"so-panel widget widget_media_image panel-first-child panel-last-child\" data-index=\"2\" ><div class=\"kleine-sonne panel-widget-style panel-widget-style-for-gb1657-69f4a60fdd576-3-1-0\" ><img loading=\"lazy\" decoding=\"async\" width=\"50\" height=\"51\" src=\"https:\/\/atmendesyoga.de\/wp-content\/uploads\/2019\/11\/sonne_50x50.jpg\" class=\"image wp-image-66  attachment-full size-full\" alt=\"\" style=\"max-width: 100%; height: auto;\" \/><\/div><\/div><\/div><div id=\"pgc-gb1657-69f4a60fdd576-3-2\"  class=\"panel-grid-cell panel-grid-cell-empty\" ><\/div><\/div><\/div>","protected":false},"excerpt":{"rendered":"<p>Yoga als eine jahrtausende alte Tradition forscht nach dem innersten Kern unseres Wesens. Alle \u00dcbungen des Yoga suchen die Antwort auf die Frage: \u201eWer bin ich?\u201c Die Wurzel des Wortes\u00a0\u201eYoga\u201c ist \u201eyuj\u201c und bedeutet verbinden.\u00a0Es geht um die Verbindung mit<\/p>\n","protected":false},"author":2,"featured_media":0,"parent":0,"menu_order":0,"comment_status":"closed","ping_status":"closed","template":"","meta":{"footnotes":""},"class_list":["post-1657","page","type-page","status-publish","hentry"],"yoast_head":"<!-- This site is optimized with the Yoast SEO plugin v27.5 - https:\/\/yoast.com\/product\/yoast-seo-wordpress\/ -->\n<title>Was ist Yoga - Atmendesyoga<\/title>\n<meta name=\"robots\" content=\"index, follow, max-snippet:-1, max-image-preview:large, max-video-preview:-1\" \/>\n<link rel=\"canonical\" href=\"https:\/\/atmendesyoga.de\/?page_id=1657\" \/>\n<meta property=\"og:locale\" content=\"de_DE\" \/>\n<meta property=\"og:type\" content=\"article\" \/>\n<meta property=\"og:title\" content=\"Was ist Yoga - Atmendesyoga\" \/>\n<meta property=\"og:description\" content=\"Yoga als eine jahrtausende alte Tradition forscht nach dem innersten Kern unseres Wesens. Alle \u00dcbungen des Yoga suchen die Antwort auf die Frage: \u201eWer bin ich?\u201c Die Wurzel des Wortes\u00a0\u201eYoga\u201c ist \u201eyuj\u201c und bedeutet verbinden.\u00a0Es geht um die Verbindung mit\" \/>\n<meta property=\"og:url\" content=\"https:\/\/atmendesyoga.de\/?page_id=1657\" \/>\n<meta property=\"og:site_name\" content=\"Atmendesyoga\" \/>\n<meta property=\"article:modified_time\" content=\"2023-03-31T08:37:26+00:00\" \/>\n<meta property=\"og:image\" content=\"https:\/\/atmendesyoga.de\/wp-content\/uploads\/2019\/11\/sonne_50x50.jpg\" \/>\n<meta name=\"twitter:card\" content=\"summary_large_image\" \/>\n<meta name=\"twitter:label1\" content=\"Gesch\u00e4tzte Lesezeit\" \/>\n\t<meta name=\"twitter:data1\" content=\"6\u00a0Minuten\" \/>\n<script type=\"application\/ld+json\" class=\"yoast-schema-graph\">{\"@context\":\"https:\\\/\\\/schema.org\",\"@graph\":[{\"@type\":\"WebPage\",\"@id\":\"https:\\\/\\\/atmendesyoga.de\\\/?page_id=1657\",\"url\":\"https:\\\/\\\/atmendesyoga.de\\\/?page_id=1657\",\"name\":\"Was ist Yoga - Atmendesyoga\",\"isPartOf\":{\"@id\":\"https:\\\/\\\/atmendesyoga.de\\\/#website\"},\"primaryImageOfPage\":{\"@id\":\"https:\\\/\\\/atmendesyoga.de\\\/?page_id=1657#primaryimage\"},\"image\":{\"@id\":\"https:\\\/\\\/atmendesyoga.de\\\/?page_id=1657#primaryimage\"},\"thumbnailUrl\":\"https:\\\/\\\/atmendesyoga.de\\\/wp-content\\\/uploads\\\/2019\\\/11\\\/sonne_50x50.jpg\",\"datePublished\":\"2021-04-07T18:50:33+00:00\",\"dateModified\":\"2023-03-31T08:37:26+00:00\",\"breadcrumb\":{\"@id\":\"https:\\\/\\\/atmendesyoga.de\\\/?page_id=1657#breadcrumb\"},\"inLanguage\":\"de\",\"potentialAction\":[{\"@type\":\"ReadAction\",\"target\":[\"https:\\\/\\\/atmendesyoga.de\\\/?page_id=1657\"]}]},{\"@type\":\"ImageObject\",\"inLanguage\":\"de\",\"@id\":\"https:\\\/\\\/atmendesyoga.de\\\/?page_id=1657#primaryimage\",\"url\":\"https:\\\/\\\/atmendesyoga.de\\\/wp-content\\\/uploads\\\/2019\\\/11\\\/sonne_50x50.jpg\",\"contentUrl\":\"https:\\\/\\\/atmendesyoga.de\\\/wp-content\\\/uploads\\\/2019\\\/11\\\/sonne_50x50.jpg\",\"width\":50,\"height\":51},{\"@type\":\"BreadcrumbList\",\"@id\":\"https:\\\/\\\/atmendesyoga.de\\\/?page_id=1657#breadcrumb\",\"itemListElement\":[{\"@type\":\"ListItem\",\"position\":1,\"name\":\"Startseite\",\"item\":\"https:\\\/\\\/atmendesyoga.de\\\/\"},{\"@type\":\"ListItem\",\"position\":2,\"name\":\"Was ist Yoga\"}]},{\"@type\":\"WebSite\",\"@id\":\"https:\\\/\\\/atmendesyoga.de\\\/#website\",\"url\":\"https:\\\/\\\/atmendesyoga.de\\\/\",\"name\":\"Atmendesyoga\",\"description\":\"\",\"potentialAction\":[{\"@type\":\"SearchAction\",\"target\":{\"@type\":\"EntryPoint\",\"urlTemplate\":\"https:\\\/\\\/atmendesyoga.de\\\/?s={search_term_string}\"},\"query-input\":{\"@type\":\"PropertyValueSpecification\",\"valueRequired\":true,\"valueName\":\"search_term_string\"}}],\"inLanguage\":\"de\"}]}<\/script>\n<!-- \/ Yoast SEO plugin. -->","yoast_head_json":{"title":"Was ist Yoga - Atmendesyoga","robots":{"index":"index","follow":"follow","max-snippet":"max-snippet:-1","max-image-preview":"max-image-preview:large","max-video-preview":"max-video-preview:-1"},"canonical":"https:\/\/atmendesyoga.de\/?page_id=1657","og_locale":"de_DE","og_type":"article","og_title":"Was ist Yoga - Atmendesyoga","og_description":"Yoga als eine jahrtausende alte Tradition forscht nach dem innersten Kern unseres Wesens. Alle \u00dcbungen des Yoga suchen die Antwort auf die Frage: \u201eWer bin ich?\u201c Die Wurzel des Wortes\u00a0\u201eYoga\u201c ist \u201eyuj\u201c und bedeutet verbinden.\u00a0Es geht um die Verbindung mit","og_url":"https:\/\/atmendesyoga.de\/?page_id=1657","og_site_name":"Atmendesyoga","article_modified_time":"2023-03-31T08:37:26+00:00","og_image":[{"url":"https:\/\/atmendesyoga.de\/wp-content\/uploads\/2019\/11\/sonne_50x50.jpg","type":"","width":"","height":""}],"twitter_card":"summary_large_image","twitter_misc":{"Gesch\u00e4tzte Lesezeit":"6\u00a0Minuten"},"schema":{"@context":"https:\/\/schema.org","@graph":[{"@type":"WebPage","@id":"https:\/\/atmendesyoga.de\/?page_id=1657","url":"https:\/\/atmendesyoga.de\/?page_id=1657","name":"Was ist Yoga - Atmendesyoga","isPartOf":{"@id":"https:\/\/atmendesyoga.de\/#website"},"primaryImageOfPage":{"@id":"https:\/\/atmendesyoga.de\/?page_id=1657#primaryimage"},"image":{"@id":"https:\/\/atmendesyoga.de\/?page_id=1657#primaryimage"},"thumbnailUrl":"https:\/\/atmendesyoga.de\/wp-content\/uploads\/2019\/11\/sonne_50x50.jpg","datePublished":"2021-04-07T18:50:33+00:00","dateModified":"2023-03-31T08:37:26+00:00","breadcrumb":{"@id":"https:\/\/atmendesyoga.de\/?page_id=1657#breadcrumb"},"inLanguage":"de","potentialAction":[{"@type":"ReadAction","target":["https:\/\/atmendesyoga.de\/?page_id=1657"]}]},{"@type":"ImageObject","inLanguage":"de","@id":"https:\/\/atmendesyoga.de\/?page_id=1657#primaryimage","url":"https:\/\/atmendesyoga.de\/wp-content\/uploads\/2019\/11\/sonne_50x50.jpg","contentUrl":"https:\/\/atmendesyoga.de\/wp-content\/uploads\/2019\/11\/sonne_50x50.jpg","width":50,"height":51},{"@type":"BreadcrumbList","@id":"https:\/\/atmendesyoga.de\/?page_id=1657#breadcrumb","itemListElement":[{"@type":"ListItem","position":1,"name":"Startseite","item":"https:\/\/atmendesyoga.de\/"},{"@type":"ListItem","position":2,"name":"Was ist Yoga"}]},{"@type":"WebSite","@id":"https:\/\/atmendesyoga.de\/#website","url":"https:\/\/atmendesyoga.de\/","name":"Atmendesyoga","description":"","potentialAction":[{"@type":"SearchAction","target":{"@type":"EntryPoint","urlTemplate":"https:\/\/atmendesyoga.de\/?s={search_term_string}"},"query-input":{"@type":"PropertyValueSpecification","valueRequired":true,"valueName":"search_term_string"}}],"inLanguage":"de"}]}},"_links":{"self":[{"href":"https:\/\/atmendesyoga.de\/index.php?rest_route=\/wp\/v2\/pages\/1657","targetHints":{"allow":["GET"]}}],"collection":[{"href":"https:\/\/atmendesyoga.de\/index.php?rest_route=\/wp\/v2\/pages"}],"about":[{"href":"https:\/\/atmendesyoga.de\/index.php?rest_route=\/wp\/v2\/types\/page"}],"author":[{"embeddable":true,"href":"https:\/\/atmendesyoga.de\/index.php?rest_route=\/wp\/v2\/users\/2"}],"replies":[{"embeddable":true,"href":"https:\/\/atmendesyoga.de\/index.php?rest_route=%2Fwp%2Fv2%2Fcomments&post=1657"}],"version-history":[{"count":13,"href":"https:\/\/atmendesyoga.de\/index.php?rest_route=\/wp\/v2\/pages\/1657\/revisions"}],"predecessor-version":[{"id":2017,"href":"https:\/\/atmendesyoga.de\/index.php?rest_route=\/wp\/v2\/pages\/1657\/revisions\/2017"}],"wp:attachment":[{"href":"https:\/\/atmendesyoga.de\/index.php?rest_route=%2Fwp%2Fv2%2Fmedia&parent=1657"}],"curies":[{"name":"wp","href":"https:\/\/api.w.org\/{rel}","templated":true}]}}