{"id":21,"date":"2019-11-12T12:33:16","date_gmt":"2019-11-12T12:33:16","guid":{"rendered":"https:\/\/atmendesyoga.de\/?page_id=21"},"modified":"2025-06-25T13:16:59","modified_gmt":"2025-06-25T13:16:59","slug":"https-atmendesyoga-de-page_id21","status":"publish","type":"page","link":"https:\/\/atmendesyoga.de\/?page_id=21","title":{"rendered":"Kursprogramm"},"content":{"rendered":"<div id=\"pl-gb21-69f4dfa2d2baf\"  class=\"panel-layout wp-block-siteorigin-panels-layout-block\" ><div id=\"pg-gb21-69f4dfa2d2baf-0\"  class=\"panel-grid panel-has-style\" ><div class=\"panel-row-style panel-row-style-for-gb21-69f4dfa2d2baf-0\" ><div id=\"pgc-gb21-69f4dfa2d2baf-0-0\"  class=\"panel-grid-cell panel-grid-cell-empty\" ><\/div><\/div><\/div><div id=\"pg-gb21-69f4dfa2d2baf-1\"  class=\"panel-grid panel-no-style\" ><div id=\"pgc-gb21-69f4dfa2d2baf-1-0\"  class=\"panel-grid-cell\" ><div id=\"panel-gb21-69f4dfa2d2baf-1-0-0\" class=\"so-panel widget widget_text panel-first-child\" data-index=\"0\" ><div class=\"panel-widget-style panel-widget-style-for-gb21-69f4dfa2d2baf-1-0-0\" ><h3 class=\"widget-title\">Aktuell<\/h3>\t\t\t<div class=\"textwidget\"><\/div>\n\t\t<\/div><\/div><div id=\"panel-gb21-69f4dfa2d2baf-1-0-1\" class=\"so-panel widget widget_text\" data-index=\"1\" ><div class=\"panel-widget-style panel-widget-style-for-gb21-69f4dfa2d2baf-1-0-1\" ><h3 class=\"widget-title\">AUDIO &#8211; Grundkurs: Atem und Meditation<\/h3>\t\t\t<div class=\"textwidget\"><p><strong>GRUNDLAGEN DER PRAXIS<br \/>\nEine Einf\u00fchrung in sieben Lektionen<br \/>\nVorbereitung f\u00fcr den Kurs f\u00fcr Fortgeschrittene<\/strong><br \/>\n<strong><br \/>\nAUDIO-KURS \u00a0mit w\u00f6chentlichem Rhythmus<\/strong><\/p>\n<p><a href=\"https:\/\/atmendesyoga.de\/?page_id=1503\">Weitere informationen<\/a><\/p>\n<\/div>\n\t\t<\/div><\/div><div id=\"panel-gb21-69f4dfa2d2baf-1-0-2\" class=\"so-panel widget widget_text\" data-index=\"2\" ><div class=\"panel-widget-style panel-widget-style-for-gb21-69f4dfa2d2baf-1-0-2\" ><h3 class=\"widget-title\">AUDIO &#8211; Vertiefungskurs: Atem und Meditation<\/h3>\t\t\t<div class=\"textwidget\"><p><strong>PRAXIS UND THEORIE<br \/>\nVertiefungskurs f\u00fcr Fortgeschrittene<br \/>\n5 Audio-Lektionen und eine pers\u00f6nliche Online-Einzelsession<\/strong><br \/>\n<strong><br \/>\nAUDIO-KURS \u00a0mit w\u00f6chentlichem Rhythmus<\/strong><\/p>\n<p><a href=\"https:\/\/atmendesyoga.de\/?page_id=2062\">Weitere informationen<\/a><\/p>\n<\/div>\n\t\t<\/div><\/div><div id=\"panel-gb21-69f4dfa2d2baf-1-0-3\" class=\"so-panel widget widget_text\" data-index=\"3\" ><div class=\"panel-widget-style panel-widget-style-for-gb21-69f4dfa2d2baf-1-0-3\" ><h3 class=\"widget-title\">YOGA-DIALOGE<\/h3>\t\t\t<div class=\"textwidget\"><p align=\"justify\"><span style=\"font-family: Verdana, sans-serif;\"><span style=\"font-size: medium;\"><b>\u201eSprechen &amp; Zuh\u00f6ren\u201c zu Fragen von Yoga und Gesellschaft<\/b><br \/>\nWie alle Kreisdialoge lebt auch \u201eSprechen &amp; Zuh\u00f6ren\u201c von der Qualit\u00e4t des Zwischen, des Raums in der Mitte \u2013 madhya. Lasst uns beim Sprechen und Zuh\u00f6ren zusammenkommen.<\/span><\/span><\/p>\n<p align=\"justify\"><span style=\"font-family: Verdana, sans-serif;\"><span style=\"font-size: medium;\"><b>Ein Gemeinschaftsangebot<\/b><br \/>\nEingeladen sind alle Menschen, die in die Tiefe lauschen und ihre Alltagserfahrung im Lichte des Yoga miteinander teilen m\u00f6chten. Wie erleben wir aktuelle, gesellschaftliche Fragen aus der Perspektive und mit der Erfahrung des Yoga?<\/span><\/span><\/p>\n<p><a href=\"https:\/\/atmendesyoga.de\/?page_id=2292\">Weitere informationen<\/a><\/p>\n<\/div>\n\t\t<\/div><\/div><div id=\"panel-gb21-69f4dfa2d2baf-1-0-4\" class=\"so-panel widget widget_text\" data-index=\"4\" ><div class=\"panel-widget-style panel-widget-style-for-gb21-69f4dfa2d2baf-1-0-4\" >\t\t\t<div class=\"textwidget\"><\/div>\n\t\t<\/div><\/div><div id=\"panel-gb21-69f4dfa2d2baf-1-0-5\" class=\"so-panel widget widget_text\" data-index=\"5\" ><div class=\"panel-widget-style panel-widget-style-for-gb21-69f4dfa2d2baf-1-0-5\" ><h3 class=\"widget-title\">Vorank\u00fcndigung<\/h3>\t\t\t<div class=\"textwidget\"><\/div>\n\t\t<\/div><\/div><div id=\"panel-gb21-69f4dfa2d2baf-1-0-6\" class=\"so-panel widget widget_text\" data-index=\"6\" ><div class=\"panel-widget-style panel-widget-style-for-gb21-69f4dfa2d2baf-1-0-6\" ><h3 class=\"widget-title\">Yoga und das Soziale Feld<\/h3>\t\t\t<div class=\"textwidget\"><p><strong>Praxisworkshop Pr\u0101\u1e47\u0101y\u0101ma und Meditation, Erlangen<\/strong><br \/>\n<strong>YES Yogaschule Erlangen<br \/>\n<\/strong><\/p>\n<p>&nbsp;<\/p>\n<\/div>\n\t\t<\/div><\/div><div id=\"panel-gb21-69f4dfa2d2baf-1-0-7\" class=\"so-panel widget widget_text\" data-index=\"7\" ><div class=\"panel-widget-style panel-widget-style-for-gb21-69f4dfa2d2baf-1-0-7\" ><h3 class=\"widget-title\">Yoga des Zeichnens<\/h3>\t\t\t<div class=\"textwidget\"><p><strong>Zeichnen aus der Stille des Bewusstseins<br \/>\nTermin nach Vereinbarung<\/strong><\/p>\n<p><strong>Die Freude der Verbundenheit durch das Sehen<\/strong><\/p>\n<p><a href=\"http:\/\/atmendesyoga.de\/?page_id=2076\">Weitere informationen<\/a><\/p>\n<\/div>\n\t\t<\/div><\/div><div id=\"panel-gb21-69f4dfa2d2baf-1-0-8\" class=\"so-panel widget widget_text\" data-index=\"8\" ><div class=\"panel-widget-style panel-widget-style-for-gb21-69f4dfa2d2baf-1-0-8\" ><h3 class=\"widget-title\">Yoga S\u016btra und der Weg zum Selbst<\/h3>\t\t\t<div class=\"textwidget\"><p><strong>Die theoretischen Grundlagen des Yoga S\u016btra von Pata\u00f1jali<br \/>\nund Praxisteil mit \u0100sana, Pr\u0101\u1e47\u0101y\u0101ma und Meditation<\/strong><\/p>\n<\/div>\n\t\t<\/div><\/div><div id=\"panel-gb21-69f4dfa2d2baf-1-0-9\" class=\"so-panel widget widget_text panel-last-child\" data-index=\"9\" ><div class=\"panel-widget-style panel-widget-style-for-gb21-69f4dfa2d2baf-1-0-9\" ><h3 class=\"widget-title\">Weitere Aktivit\u00e4ten<\/h3>\t\t\t<div class=\"textwidget\"><p><strong>MIT DER ERDE STEHEN<br \/>\nstanding with the earth \u2013 in Kassel<br \/>\n(nach einem Impuls von Heike Pourian)<br \/>\n<\/strong><br \/>\n<strong>innehalten \u2022 lauschen \u2022 handeln<\/strong><\/p>\n<p><a href=\"https:\/\/atmendesyoga.de\/?page_id=2116\">Weitere informationen<\/a><\/p>\n<\/div>\n\t\t<\/div><\/div><\/div><\/div><div id=\"pg-gb21-69f4dfa2d2baf-2\"  class=\"panel-grid panel-no-style\" ><div id=\"pgc-gb21-69f4dfa2d2baf-2-0\"  class=\"panel-grid-cell\" ><div id=\"panel-gb21-69f4dfa2d2baf-2-0-0\" class=\"so-panel widget widget_text panel-first-child panel-last-child\" data-index=\"10\" >\t\t\t<div class=\"textwidget\"><p align=\"right\"><span style=\"font-family: Verdana, sans-serif;\"><span style=\"font-size: xx-small;\">Foto: privat<\/span><\/span><\/p>\n<\/div>\n\t\t<\/div><\/div><\/div><div id=\"pg-gb21-69f4dfa2d2baf-3\"  class=\"panel-grid panel-no-style\" ><div id=\"pgc-gb21-69f4dfa2d2baf-3-0\"  class=\"panel-grid-cell panel-grid-cell-empty\" ><\/div><div id=\"pgc-gb21-69f4dfa2d2baf-3-1\"  class=\"panel-grid-cell panel-grid-cell-mobile-last\" ><div id=\"panel-gb21-69f4dfa2d2baf-3-1-0\" class=\"so-panel widget widget_media_image panel-first-child panel-last-child\" data-index=\"11\" ><div class=\"panel-widget-style panel-widget-style-for-gb21-69f4dfa2d2baf-3-1-0\" ><img loading=\"lazy\" decoding=\"async\" width=\"50\" height=\"51\" src=\"https:\/\/atmendesyoga.de\/wp-content\/uploads\/2019\/11\/sonne_50x50.jpg\" class=\"image wp-image-66  attachment-full size-full\" alt=\"\" style=\"max-width: 100%; height: auto;\" \/><\/div><\/div><\/div><div id=\"pgc-gb21-69f4dfa2d2baf-3-2\"  class=\"panel-grid-cell panel-grid-cell-empty\" ><\/div><\/div><\/div>","protected":false},"excerpt":{"rendered":"<p>GRUNDLAGEN DER PRAXIS Eine Einf\u00fchrung in sieben Lektionen Vorbereitung f\u00fcr den Kurs f\u00fcr Fortgeschrittene AUDIO-KURS \u00a0mit w\u00f6chentlichem Rhythmus Weitere informationen PRAXIS UND THEORIE Vertiefungskurs f\u00fcr Fortgeschrittene 5 Audio-Lektionen und eine pers\u00f6nliche Online-Einzelsession AUDIO-KURS \u00a0mit w\u00f6chentlichem Rhythmus Weitere informationen \u201eSprechen &amp;<\/p>\n","protected":false},"author":1,"featured_media":0,"parent":0,"menu_order":0,"comment_status":"closed","ping_status":"closed","template":"","meta":{"footnotes":""},"class_list":["post-21","page","type-page","status-publish","hentry"],"yoast_head":"<!-- This site is optimized with the Yoast SEO plugin v27.5 - https:\/\/yoast.com\/product\/yoast-seo-wordpress\/ -->\n<title>Kursprogramm - Atmendesyoga<\/title>\n<meta name=\"description\" content=\"Pranayama Dhyana Yoga Workshops und Kurse in Kassel, Freiburg, G\u00f6ttingen, Lennestadt - mit Osman Yoncaova Yogalehrer BDY\/EYU\" \/>\n<meta name=\"robots\" content=\"index, follow, max-snippet:-1, max-image-preview:large, max-video-preview:-1\" \/>\n<link rel=\"canonical\" href=\"https:\/\/atmendesyoga.de\/?page_id=21\" \/>\n<meta property=\"og:locale\" content=\"de_DE\" \/>\n<meta property=\"og:type\" content=\"article\" \/>\n<meta property=\"og:title\" content=\"Kursprogramm - Atmendesyoga\" \/>\n<meta property=\"og:description\" content=\"Pranayama Dhyana Yoga Workshops und Kurse in Kassel, Freiburg, G\u00f6ttingen, Lennestadt - mit Osman Yoncaova Yogalehrer BDY\/EYU\" \/>\n<meta property=\"og:url\" content=\"https:\/\/atmendesyoga.de\/?page_id=21\" \/>\n<meta property=\"og:site_name\" content=\"Atmendesyoga\" \/>\n<meta property=\"article:modified_time\" content=\"2025-06-25T13:16:59+00:00\" \/>\n<meta name=\"twitter:card\" content=\"summary_large_image\" \/>\n<meta name=\"twitter:label1\" content=\"Gesch\u00e4tzte Lesezeit\" \/>\n\t<meta name=\"twitter:data1\" content=\"2\u00a0Minuten\" \/>\n<script type=\"application\/ld+json\" class=\"yoast-schema-graph\">{\"@context\":\"https:\\\/\\\/schema.org\",\"@graph\":[{\"@type\":\"WebPage\",\"@id\":\"https:\\\/\\\/atmendesyoga.de\\\/?page_id=21\",\"url\":\"https:\\\/\\\/atmendesyoga.de\\\/?page_id=21\",\"name\":\"Kursprogramm - Atmendesyoga\",\"isPartOf\":{\"@id\":\"https:\\\/\\\/atmendesyoga.de\\\/#website\"},\"datePublished\":\"2019-11-12T12:33:16+00:00\",\"dateModified\":\"2025-06-25T13:16:59+00:00\",\"description\":\"Pranayama Dhyana Yoga Workshops und Kurse in Kassel, Freiburg, G\u00f6ttingen, Lennestadt - mit Osman Yoncaova Yogalehrer BDY\\\/EYU\",\"breadcrumb\":{\"@id\":\"https:\\\/\\\/atmendesyoga.de\\\/?page_id=21#breadcrumb\"},\"inLanguage\":\"de\",\"potentialAction\":[{\"@type\":\"ReadAction\",\"target\":[\"https:\\\/\\\/atmendesyoga.de\\\/?page_id=21\"]}]},{\"@type\":\"BreadcrumbList\",\"@id\":\"https:\\\/\\\/atmendesyoga.de\\\/?page_id=21#breadcrumb\",\"itemListElement\":[{\"@type\":\"ListItem\",\"position\":1,\"name\":\"Startseite\",\"item\":\"https:\\\/\\\/atmendesyoga.de\\\/\"},{\"@type\":\"ListItem\",\"position\":2,\"name\":\"Kursprogramm\"}]},{\"@type\":\"WebSite\",\"@id\":\"https:\\\/\\\/atmendesyoga.de\\\/#website\",\"url\":\"https:\\\/\\\/atmendesyoga.de\\\/\",\"name\":\"Atmendesyoga\",\"description\":\"\",\"potentialAction\":[{\"@type\":\"SearchAction\",\"target\":{\"@type\":\"EntryPoint\",\"urlTemplate\":\"https:\\\/\\\/atmendesyoga.de\\\/?s={search_term_string}\"},\"query-input\":{\"@type\":\"PropertyValueSpecification\",\"valueRequired\":true,\"valueName\":\"search_term_string\"}}],\"inLanguage\":\"de\"}]}<\/script>\n<!-- \/ Yoast SEO plugin. -->","yoast_head_json":{"title":"Kursprogramm - Atmendesyoga","description":"Pranayama Dhyana Yoga Workshops und Kurse in Kassel, Freiburg, G\u00f6ttingen, Lennestadt - mit Osman Yoncaova Yogalehrer BDY\/EYU","robots":{"index":"index","follow":"follow","max-snippet":"max-snippet:-1","max-image-preview":"max-image-preview:large","max-video-preview":"max-video-preview:-1"},"canonical":"https:\/\/atmendesyoga.de\/?page_id=21","og_locale":"de_DE","og_type":"article","og_title":"Kursprogramm - Atmendesyoga","og_description":"Pranayama Dhyana Yoga Workshops und Kurse in Kassel, Freiburg, G\u00f6ttingen, Lennestadt - mit Osman Yoncaova Yogalehrer BDY\/EYU","og_url":"https:\/\/atmendesyoga.de\/?page_id=21","og_site_name":"Atmendesyoga","article_modified_time":"2025-06-25T13:16:59+00:00","twitter_card":"summary_large_image","twitter_misc":{"Gesch\u00e4tzte Lesezeit":"2\u00a0Minuten"},"schema":{"@context":"https:\/\/schema.org","@graph":[{"@type":"WebPage","@id":"https:\/\/atmendesyoga.de\/?page_id=21","url":"https:\/\/atmendesyoga.de\/?page_id=21","name":"Kursprogramm - Atmendesyoga","isPartOf":{"@id":"https:\/\/atmendesyoga.de\/#website"},"datePublished":"2019-11-12T12:33:16+00:00","dateModified":"2025-06-25T13:16:59+00:00","description":"Pranayama Dhyana Yoga Workshops und Kurse in Kassel, Freiburg, G\u00f6ttingen, Lennestadt - mit Osman Yoncaova Yogalehrer BDY\/EYU","breadcrumb":{"@id":"https:\/\/atmendesyoga.de\/?page_id=21#breadcrumb"},"inLanguage":"de","potentialAction":[{"@type":"ReadAction","target":["https:\/\/atmendesyoga.de\/?page_id=21"]}]},{"@type":"BreadcrumbList","@id":"https:\/\/atmendesyoga.de\/?page_id=21#breadcrumb","itemListElement":[{"@type":"ListItem","position":1,"name":"Startseite","item":"https:\/\/atmendesyoga.de\/"},{"@type":"ListItem","position":2,"name":"Kursprogramm"}]},{"@type":"WebSite","@id":"https:\/\/atmendesyoga.de\/#website","url":"https:\/\/atmendesyoga.de\/","name":"Atmendesyoga","description":"","potentialAction":[{"@type":"SearchAction","target":{"@type":"EntryPoint","urlTemplate":"https:\/\/atmendesyoga.de\/?s={search_term_string}"},"query-input":{"@type":"PropertyValueSpecification","valueRequired":true,"valueName":"search_term_string"}}],"inLanguage":"de"}]}},"_links":{"self":[{"href":"https:\/\/atmendesyoga.de\/index.php?rest_route=\/wp\/v2\/pages\/21","targetHints":{"allow":["GET"]}}],"collection":[{"href":"https:\/\/atmendesyoga.de\/index.php?rest_route=\/wp\/v2\/pages"}],"about":[{"href":"https:\/\/atmendesyoga.de\/index.php?rest_route=\/wp\/v2\/types\/page"}],"author":[{"embeddable":true,"href":"https:\/\/atmendesyoga.de\/index.php?rest_route=\/wp\/v2\/users\/1"}],"replies":[{"embeddable":true,"href":"https:\/\/atmendesyoga.de\/index.php?rest_route=%2Fwp%2Fv2%2Fcomments&post=21"}],"version-history":[{"count":163,"href":"https:\/\/atmendesyoga.de\/index.php?rest_route=\/wp\/v2\/pages\/21\/revisions"}],"predecessor-version":[{"id":2333,"href":"https:\/\/atmendesyoga.de\/index.php?rest_route=\/wp\/v2\/pages\/21\/revisions\/2333"}],"wp:attachment":[{"href":"https:\/\/atmendesyoga.de\/index.php?rest_route=%2Fwp%2Fv2%2Fmedia&parent=21"}],"curies":[{"name":"wp","href":"https:\/\/api.w.org\/{rel}","templated":true}]}}